{"id":1384,"date":"2025-11-11T09:21:24","date_gmt":"2025-11-11T08:21:24","guid":{"rendered":"https:\/\/patriciavila.crealogica.eu\/peix-llum\/privadesa-i-proteccio-de-dades\/"},"modified":"2026-03-18T11:31:43","modified_gmt":"2026-03-18T10:31:43","slug":"privadesa-i-proteccio-de-dades","status":"publish","type":"page","link":"https:\/\/www.lexpertabogados.com\/ca\/pez-luz\/privadesa-i-proteccio-de-dades\/","title":{"rendered":"Privadesa i protecci\u00f3 de dades"},"content":{"rendered":"\t\t<div data-elementor-type=\"wp-page\" data-elementor-id=\"1384\" class=\"elementor elementor-1384 elementor-60\" data-elementor-post-type=\"page\">\n\t\t\t\t<div class=\"elementor-element elementor-element-6323568d e-flex e-con-boxed e-con e-parent\" data-id=\"6323568d\" data-element_type=\"container\" data-e-type=\"container\" data-settings=\"{&quot;background_background&quot;:&quot;classic&quot;}\">\n\t\t\t\t\t<div class=\"e-con-inner\">\n\t\t<div class=\"elementor-element elementor-element-4dd6b62d e-con-full e-flex e-con e-child\" data-id=\"4dd6b62d\" data-element_type=\"container\" data-e-type=\"container\">\n\t\t\t\t<\/div>\n\t\t<div class=\"elementor-element elementor-element-9d0fd6f e-con-full e-flex e-con e-child\" data-id=\"9d0fd6f\" data-element_type=\"container\" data-e-type=\"container\">\n\t\t<div class=\"elementor-element elementor-element-16fe924 e-con-full e-flex e-con e-child\" data-id=\"16fe924\" data-element_type=\"container\" data-e-type=\"container\">\n\t\t\t\t<div class=\"elementor-element elementor-element-062492a elementor-widget elementor-widget-image\" data-id=\"062492a\" data-element_type=\"widget\" data-e-type=\"widget\" data-widget_type=\"image.default\">\n\t\t\t\t\t\t\t\t\t\t\t\t\t\t\t\t<a href=\"https:\/\/www.lexpertabogados.com\/wp-content\/uploads\/2026\/03\/DPD-Logo-AEPD-2026-03-12-Patricia-Vila-Salord-1.png\" data-elementor-open-lightbox=\"yes\" data-elementor-lightbox-title=\"DPD - Logo AEPD 2026-03-12 - Patricia Vila Salord (1)\" data-e-action-hash=\"#elementor-action%3Aaction%3Dlightbox%26settings%3DeyJpZCI6MjA3MSwidXJsIjoiaHR0cHM6XC9cL3d3dy5sZXhwZXJ0YWJvZ2Fkb3MuY29tXC93cC1jb250ZW50XC91cGxvYWRzXC8yMDI2XC8wM1wvRFBELUxvZ28tQUVQRC0yMDI2LTAzLTEyLVBhdHJpY2lhLVZpbGEtU2Fsb3JkLTEucG5nIn0%3D\">\n\t\t\t\t\t\t\t<img fetchpriority=\"high\" decoding=\"async\" width=\"812\" height=\"812\" src=\"https:\/\/www.lexpertabogados.com\/wp-content\/uploads\/2026\/03\/DPD-Logo-AEPD-2026-03-12-Patricia-Vila-Salord-1-1024x1024.png\" class=\"attachment-large size-large wp-image-2071\" alt=\"Logotipo Certificado de Protecci\u00f3n de Datos\" srcset=\"https:\/\/www.lexpertabogados.com\/wp-content\/uploads\/2026\/03\/DPD-Logo-AEPD-2026-03-12-Patricia-Vila-Salord-1-1024x1024.png 1024w, https:\/\/www.lexpertabogados.com\/wp-content\/uploads\/2026\/03\/DPD-Logo-AEPD-2026-03-12-Patricia-Vila-Salord-1-300x300.png 300w, https:\/\/www.lexpertabogados.com\/wp-content\/uploads\/2026\/03\/DPD-Logo-AEPD-2026-03-12-Patricia-Vila-Salord-1-150x150.png 150w, https:\/\/www.lexpertabogados.com\/wp-content\/uploads\/2026\/03\/DPD-Logo-AEPD-2026-03-12-Patricia-Vila-Salord-1-768x768.png 768w, https:\/\/www.lexpertabogados.com\/wp-content\/uploads\/2026\/03\/DPD-Logo-AEPD-2026-03-12-Patricia-Vila-Salord-1-1536x1536.png 1536w, https:\/\/www.lexpertabogados.com\/wp-content\/uploads\/2026\/03\/DPD-Logo-AEPD-2026-03-12-Patricia-Vila-Salord-1-2048x2048.png 2048w\" sizes=\"(max-width: 812px) 100vw, 812px\" \/>\t\t\t\t\t\t\t\t<\/a>\n\t\t\t\t\t\t\t\t\t\t\t\t\t\t\t<\/div>\n\t\t\t\t<div class=\"elementor-element elementor-element-5fa63c4 elementor-widget__width-initial neonrosa elementor-widget elementor-widget-heading\" data-id=\"5fa63c4\" data-element_type=\"widget\" data-e-type=\"widget\" data-widget_type=\"heading.default\">\n\t\t\t\t\t<h1 class=\"elementor-heading-title elementor-size-default\">Privadesa i protecci\u00f3 de dades<\/h1>\t\t\t\t<\/div>\n\t\t\t\t<div class=\"elementor-element elementor-element-2d9676c elementor-widget elementor-widget-heading\" data-id=\"2d9676c\" data-element_type=\"widget\" data-e-type=\"widget\" data-widget_type=\"heading.default\">\n\t\t\t\t\t<h2 class=\"elementor-heading-title elementor-size-default\">Especialitats digitals<\/h2>\t\t\t\t<\/div>\n\t\t\t\t<\/div>\n\t\t<div class=\"elementor-element elementor-element-9ffe5f0 e-con-full e-flex e-con e-child\" data-id=\"9ffe5f0\" data-element_type=\"container\" data-e-type=\"container\">\n\t\t<div class=\"elementor-element elementor-element-1221b73 e-con-full e-flex e-con e-child\" data-id=\"1221b73\" data-element_type=\"container\" data-e-type=\"container\" data-settings=\"{&quot;background_background&quot;:&quot;classic&quot;}\">\n\t\t\t\t<div class=\"elementor-element elementor-element-5b670de elementor-widget elementor-widget-heading\" data-id=\"5b670de\" data-element_type=\"widget\" data-e-type=\"widget\" data-widget_type=\"heading.default\">\n\t\t\t\t\t<h3 class=\"elementor-heading-title elementor-size-default\">Compliment integral d'acord amb el Reglament General de Protecci\u00f3 de Dades (RGPD) i la Llei Org\u00e0nica de Protecci\u00f3 de Dades i Garantia dels Drets Digitals (LOPDGDD). Auditoria legal, An\u00e0lisi de risc i Avaluaci\u00f3 d'Impacte en la Protecci\u00f3 de Dades (EIPD\/DPIA), bases jur\u00eddiques i privadesa des del disseny (privacy by design); Registre d'Activitats de Tractament (RAT\/RoPA), contractes d'enc\u00e0rrec, transfer\u00e8ncies internacionals, galetes i consentiment; gesti\u00f3 de bretxes i de drets, formaci\u00f3 i auditories; serveis de Delegat de Protecci\u00f3 de Dades (DPD\/DPO): supervisi\u00f3, reporting i interlocuci\u00f3 amb autoritats.<\/h3>\t\t\t\t<\/div>\n\t\t\t\t<\/div>\n\t\t<div class=\"elementor-element elementor-element-e563979 e-con-full e-flex e-con e-child\" data-id=\"e563979\" data-element_type=\"container\" data-e-type=\"container\">\n\t\t\t\t<div class=\"elementor-element elementor-element-40dc2f3 elementor-widget elementor-widget-button\" data-id=\"40dc2f3\" data-element_type=\"widget\" data-e-type=\"widget\" data-widget_type=\"button.default\">\n\t\t\t\t\t\t\t\t\t\t<a class=\"elementor-button elementor-button-link elementor-size-sm elementor-animation-shrink\" href=\"https:\/\/www.lexpertabogados.com\/ca\/pez-luz\/\">\n\t\t\t\t\t\t<span class=\"elementor-button-content-wrapper\">\n\t\t\t\t\t\t<span class=\"elementor-button-icon\">\n\t\t\t\t<svg xmlns=\"http:\/\/www.w3.org\/2000\/svg\" fill=\"#fcfcfc\" width=\"800px\" height=\"800px\" viewBox=\"0 0 1920 1920\"><g id=\"SVGRepo_bgCarrier\" stroke-width=\"0\"><\/g><g id=\"SVGRepo_tracerCarrier\" stroke-linecap=\"round\" stroke-linejoin=\"round\"><\/g><g id=\"SVGRepo_iconCarrier\"><path d=\"M615.177 345 0 960.292l615.177 615.177 81.25-81.25-476.467-476.466H1920V902.83H219.96l476.467-476.58z\" fill-rule=\"evenodd\"><\/path><\/g><\/svg>\t\t\t<\/span>\n\t\t\t\t\t\t\t\t\t<span class=\"elementor-button-text\">Pez Luz<\/span>\n\t\t\t\t\t<\/span>\n\t\t\t\t\t<\/a>\n\t\t\t\t\t\t\t\t<\/div>\n\t\t\t\t<\/div>\n\t\t\t\t<\/div>\n\t\t\t\t<\/div>\n\t\t\t\t\t<\/div>\n\t\t\t\t<\/div>\n\t\t\t\t<\/div>\n\t\t","protected":false},"excerpt":{"rendered":"<p>Especialitats digitals Compliment integral d&#8217;acord amb el Reglament General de Protecci\u00f3 de Dades (RGPD) i la Llei Org\u00e0nica de Protecci\u00f3 de Dades i Garantia dels Drets Digitals (LOPDGDD). Auditoria legal, An\u00e0lisi de risc i Avaluaci\u00f3 d&#8217;Impacte en la Protecci\u00f3 de Dades (EIPD\/DPIA), bases jur\u00eddiques i privadesa des del disseny (privacy by design); Registre d&#8217;Activitats de [&hellip;]<\/p>\n","protected":false},"author":1,"featured_media":0,"parent":1251,"menu_order":0,"comment_status":"closed","ping_status":"closed","template":"page-templates\/pagebuilder.php","meta":{"zakra_page_container_layout":"customizer","zakra_page_sidebar_layout":"customizer","zakra_remove_content_margin":false,"zakra_sidebar":"customizer","zakra_transparent_header":"customizer","zakra_logo":0,"zakra_main_header_style":"default","zakra_menu_item_color":"","zakra_menu_item_hover_color":"","zakra_menu_item_active_color":"","zakra_menu_active_style":"","zakra_page_header":true,"inline_featured_image":false,"footnotes":""},"class_list":["post-1384","page","type-page","status-publish","hentry"],"_links":{"self":[{"href":"https:\/\/www.lexpertabogados.com\/ca\/wp-json\/wp\/v2\/pages\/1384","targetHints":{"allow":["GET"]}}],"collection":[{"href":"https:\/\/www.lexpertabogados.com\/ca\/wp-json\/wp\/v2\/pages"}],"about":[{"href":"https:\/\/www.lexpertabogados.com\/ca\/wp-json\/wp\/v2\/types\/page"}],"author":[{"embeddable":true,"href":"https:\/\/www.lexpertabogados.com\/ca\/wp-json\/wp\/v2\/users\/1"}],"replies":[{"embeddable":true,"href":"https:\/\/www.lexpertabogados.com\/ca\/wp-json\/wp\/v2\/comments?post=1384"}],"version-history":[{"count":7,"href":"https:\/\/www.lexpertabogados.com\/ca\/wp-json\/wp\/v2\/pages\/1384\/revisions"}],"predecessor-version":[{"id":2072,"href":"https:\/\/www.lexpertabogados.com\/ca\/wp-json\/wp\/v2\/pages\/1384\/revisions\/2072"}],"up":[{"embeddable":true,"href":"https:\/\/www.lexpertabogados.com\/ca\/wp-json\/wp\/v2\/pages\/1251"}],"wp:attachment":[{"href":"https:\/\/www.lexpertabogados.com\/ca\/wp-json\/wp\/v2\/media?parent=1384"}],"curies":[{"name":"wp","href":"https:\/\/api.w.org\/{rel}","templated":true}]}}